{"id":34992,"date":"2024-04-04T10:41:48","date_gmt":"2024-04-04T08:41:48","guid":{"rendered":"https:\/\/ipisresearch.be\/?post_type=publication&#038;p=34992"},"modified":"2024-06-14T15:19:03","modified_gmt":"2024-06-14T13:19:03","slug":"le-m23-version-2-enjeux-motivations-perceptions-et-impacts-locaux","status":"publish","type":"publication","link":"https:\/\/ipisresearch.be\/fr\/publication\/le-m23-version-2-enjeux-motivations-perceptions-et-impacts-locaux\/","title":{"rendered":"Le M23 \u00ab\u00a0version 2\u00a0\u00bb : Enjeux, motivations, perceptions et impacts locaux"},"content":{"rendered":"\n<p>Depuis 2021, l&rsquo;est de la R\u00e9publique d\u00e9mocratique du Congo (RDC) est \u00e0 nouveau sous l&#8217;emprise du groupe arm\u00e9 du \u00ab&nbsp;Mouvement du 23 mars&nbsp;\u00bb (M23). D\u00e9fait en 2013, le M23 a repris les armes en 2021, et r\u00e9ussissait en 2022 \u00e0 s&#8217;emparer rapidement de vastes territoires au sud-est de la province du Nord-Kivu.<\/p>\n\n\n\n<div style=\"height:5px\" aria-hidden=\"true\" class=\"wp-block-spacer\"><\/div>\n\n\n\n<div class=\"wp-block-columns is-layout-flex wp-container-core-columns-is-layout-28f84493 wp-block-columns-is-layout-flex\">\n<div class=\"wp-block-column is-layout-flow wp-block-column-is-layout-flow\" style=\"flex-basis:33.33%\">\n<figure class=\"wp-block-image alignleft size-large is-resized\"><a href=\"https:\/\/ipisresearch.be\/wp-content\/uploads\/2024\/06\/20240403_Le-M23-version-2-Enjeux-motivations-perceptions-et-impacts-locaux.pdf\" target=\"_blank\" rel=\"noreferrer noopener\"><img fetchpriority=\"high\" decoding=\"async\" width=\"725\" height=\"1024\" src=\"https:\/\/ipisresearch.be\/wp-content\/uploads\/2024\/04\/Le-M23-version-2_Enjeux-motivations-perceptions-et-impacts-locaux_cover-725x1024.png\" alt=\"\" class=\"wp-image-34894\" style=\"width:274px;height:auto\" srcset=\"https:\/\/ipisresearch.be\/wp-content\/uploads\/2024\/04\/Le-M23-version-2_Enjeux-motivations-perceptions-et-impacts-locaux_cover-725x1024.png 725w, https:\/\/ipisresearch.be\/wp-content\/uploads\/2024\/04\/Le-M23-version-2_Enjeux-motivations-perceptions-et-impacts-locaux_cover-212x300.png 212w, https:\/\/ipisresearch.be\/wp-content\/uploads\/2024\/04\/Le-M23-version-2_Enjeux-motivations-perceptions-et-impacts-locaux_cover-768x1085.png 768w, https:\/\/ipisresearch.be\/wp-content\/uploads\/2024\/04\/Le-M23-version-2_Enjeux-motivations-perceptions-et-impacts-locaux_cover-1087x1536.png 1087w, https:\/\/ipisresearch.be\/wp-content\/uploads\/2024\/04\/Le-M23-version-2_Enjeux-motivations-perceptions-et-impacts-locaux_cover.png 1220w\" sizes=\"(max-width: 725px) 100vw, 725px\" \/><\/a><\/figure>\n\n\n\n<div style=\"height:14px\" aria-hidden=\"true\" class=\"wp-block-spacer\"><\/div>\n\n\n\n<div class=\"wp-block-buttons is-content-justification-center is-layout-flex wp-container-core-buttons-is-layout-a89b3969 wp-block-buttons-is-layout-flex\">\n<div class=\"wp-block-button\"><a class=\"wp-block-button__link wp-element-button\" href=\"https:\/\/ipisresearch.be\/wp-content\/uploads\/2024\/06\/20240403_Le-M23-version-2-Enjeux-motivations-perceptions-et-impacts-locaux.pdf\" target=\"_blank\" rel=\"noreferrer noopener\">T\u00e9l\u00e9charger le rapport <\/a><\/div>\n<\/div>\n\n\n\n<div style=\"height:20px\" aria-hidden=\"true\" class=\"wp-block-spacer\"><\/div>\n\n\n\n<p>Pour plus d&rsquo;informations, contactez <a href=\"mailto:ken.matthysen@ipisresearch.be\" target=\"_blank\" rel=\"noreferrer noopener\">Ken Matthysen<\/a>.<\/p>\n<\/div>\n\n\n\n<div class=\"wp-block-column is-layout-flow wp-block-column-is-layout-flow\" style=\"flex-basis:66.66%\">\n<figure class=\"wp-block-image alignleft size-large is-resized\"><a href=\"https:\/\/ipisresearch.be\/wp-content\/uploads\/2024\/04\/M23_map2_controlareas_2008_2023-e1712093229909.png\"><img decoding=\"async\" width=\"1024\" height=\"568\" src=\"https:\/\/ipisresearch.be\/wp-content\/uploads\/2024\/04\/M23_map2_controlareas_2008_2023-e1712093229909-1024x568.png\" alt=\"\" class=\"wp-image-34904\" style=\"width:489px;height:auto\" srcset=\"https:\/\/ipisresearch.be\/wp-content\/uploads\/2024\/04\/M23_map2_controlareas_2008_2023-e1712093229909-1024x568.png 1024w, https:\/\/ipisresearch.be\/wp-content\/uploads\/2024\/04\/M23_map2_controlareas_2008_2023-e1712093229909-300x166.png 300w, https:\/\/ipisresearch.be\/wp-content\/uploads\/2024\/04\/M23_map2_controlareas_2008_2023-e1712093229909-768x426.png 768w, https:\/\/ipisresearch.be\/wp-content\/uploads\/2024\/04\/M23_map2_controlareas_2008_2023-e1712093229909-1536x852.png 1536w, https:\/\/ipisresearch.be\/wp-content\/uploads\/2024\/04\/M23_map2_controlareas_2008_2023-e1712093229909-2048x1136.png 2048w\" sizes=\"(max-width: 1024px) 100vw, 1024px\" \/><\/a><figcaption class=\"wp-element-caption\">Zones occup\u00e9es par le CNDP en 2008, M23 en 2012, et M23 en 2023, dans la province du Nord-Kivu.<\/figcaption><\/figure>\n\n\n\n<div style=\"height:5px\" aria-hidden=\"true\" class=\"wp-block-spacer\"><\/div>\n\n\n\n<p>Bien que l\u2019appui de l\u2019arm\u00e9e rwandaise soit un \u00e9l\u00e9ment crucial dans la r\u00e9surgence du M23, le mouvement est avant tout motiv\u00e9 par ses propres int\u00e9r\u00eats et objectifs. Cette <strong><strong><a href=\"https:\/\/ipisresearch.be\/wp-content\/uploads\/2024\/06\/20240403_Le-M23-version-2-Enjeux-motivations-perceptions-et-impacts-locaux.pdf\" target=\"_blank\" rel=\"noreferrer noopener\">\u00e9tude<\/a><\/strong><\/strong> met ainsi en lumi\u00e8re\u00a0<strong>les enjeux et impacts locaux de la crise M23<\/strong>, \u00e0 travers le regard des acteurs locaux au Nord-Kivu. Elle est le fruit d&rsquo;entretiens men\u00e9s par l\u2019\u00e9quipe d\u2019ASSODIP avec 57 personnes de la province du Nord-Kivu.<\/p>\n<\/div>\n<\/div>\n\n\n\n<div class=\"wp-block-columns is-layout-flex wp-container-core-columns-is-layout-28f84493 wp-block-columns-is-layout-flex\">\n<div class=\"wp-block-column is-layout-flow wp-block-column-is-layout-flow\" style=\"flex-basis:66.66%\">\n<h3 class=\"wp-block-heading\" id=\"h-predominance-des-contextes-historiques-et-regionaux-nbsp\"><strong>Pr\u00e9dominance des contextes historiques et r\u00e9gionaux&nbsp;<\/strong><\/h3>\n\n\n\n<p>L\u2019\u00e9tude souligne d\u2019abord l\u2019importance du contexte r\u00e9gional, et notamment les tensions et probl\u00e9matiques de nature \u00e9conomique, politique, s\u00e9curitaire et humanitaire. Les pays de la r\u00e9gion des Grands Lacs, et surtout le Rwanda, ont \u00e9t\u00e9 accus\u00e9s d\u2019appuyer le M23, et de leur permettre ainsi de reprendre la lutte arm\u00e9e. Ce soutien ravive la crainte d\u2019une \u00ab balkanisation \u00bb, r\u00e9f\u00e9rant \u00e0 la volont\u00e9 pr\u00e9sum\u00e9e des acteurs de la communaut\u00e9 internationale, et surtout du Rwanda, de vouloir diviser la RDC.<\/p>\n\n\n\n<p>Afin de mieux comprendre les motivations du groupe arm\u00e9, l\u2019\u00e9tude remonte ensuite aux racines historiques du conflit du M23. Elle souligne l\u2019importance d\u2019enjeux remontant \u00e0 la p\u00e9riode coloniale et \u00e0 celle qui a imm\u00e9diatement suivi l&rsquo;ind\u00e9pendance mais aussi des tensions qui opposent les Hutus, et surtout les Tutsis, aux autres groupes ethniques de la province.<\/p>\n\n\n\n<div style=\"height:15px\" aria-hidden=\"true\" class=\"wp-block-spacer\"><\/div>\n\n\n\n<blockquote class=\"wp-block-quote is-layout-flow wp-block-quote-is-layout-flow\" style=\"font-size:16px\">\n<p style=\"font-size:20px\">\u00ab&nbsp;<em>Ce clivage&nbsp;<\/em>[autochtones- allochtones],&nbsp;<em>l\u2019ombre des puissances coloniales et le comportement des gestionnaires des pouvoirs coutumier et moderne ont \u00e9t\u00e9&nbsp;[&#8230;]&nbsp;d\u00e9cisifs en r\u00e9gions d\u2019immigrations.&nbsp;<\/em>\u00bb<\/p>\n<cite>Un fonctionnaire r\u00e9sume ainsi les diff\u00e9rentes causes du conflit au Nord Kivu<\/cite><\/blockquote>\n<\/div>\n\n\n\n<div class=\"wp-block-column is-layout-flow wp-block-column-is-layout-flow\" style=\"flex-basis:33.33%\">\n<div class=\"tb-image-slider\" data-toolset-blocks-image-slider=\"109aa5345594851569016d24ca17d8b6\"><div class=\"tb-image-slider--carousel tb-image-slider--crop glide\" data-glide-number-slides=\"1\"><div class=\"glide__arrows\" data-glide-el=\"controls\"><button class=\"glide__arrow glide__arrow--left\" data-glide-dir=\"<\"><span class=\"tb-slider-left-arrow\"><\/span><\/button><button class=\"glide__arrow glide__arrow--right\" data-glide-dir=\"&gt;\"><span class=\"tb-slider-right-arrow\"><\/span><\/button><\/div><div class=\"glide__track\" data-glide-el=\"track\"><ul class=\"glide__slides\"><li class=\"glide__slide\"><a href=\"https:\/\/ipisresearch.be\/wp-content\/uploads\/2024\/04\/M23_map3_locations_IPIS.png\" data-lightbox=\"d9d1da64-ebbd-468e-825a-cadfc4ebe9a3\"><img loading=\"lazy\" decoding=\"async\" width=\"2480\" height=\"3507\" loading=\"lazy\" class=\"wp-image-34890\" src=\"https:\/\/ipisresearch.be\/wp-content\/uploads\/2024\/04\/M23_map3_locations_IPIS.png\" alt=\"\" data-id=\"34890\" tabindex=\"0\" srcset=\"https:\/\/ipisresearch.be\/wp-content\/uploads\/2024\/04\/M23_map3_locations_IPIS.png 2480w, https:\/\/ipisresearch.be\/wp-content\/uploads\/2024\/04\/M23_map3_locations_IPIS-212x300.png 212w, https:\/\/ipisresearch.be\/wp-content\/uploads\/2024\/04\/M23_map3_locations_IPIS-724x1024.png 724w, https:\/\/ipisresearch.be\/wp-content\/uploads\/2024\/04\/M23_map3_locations_IPIS-768x1086.png 768w, https:\/\/ipisresearch.be\/wp-content\/uploads\/2024\/04\/M23_map3_locations_IPIS-1086x1536.png 1086w, https:\/\/ipisresearch.be\/wp-content\/uploads\/2024\/04\/M23_map3_locations_IPIS-1448x2048.png 1448w\" sizes=\"auto, (max-width: 2480px) 100vw, 2480px\" \/><\/a><\/li><li class=\"glide__slide\"><a href=\"https:\/\/ipisresearch.be\/wp-content\/uploads\/2024\/04\/M23_map1_administrative_allgroupements.png\" data-lightbox=\"d9d1da64-ebbd-468e-825a-cadfc4ebe9a3\"><img loading=\"lazy\" decoding=\"async\" width=\"2480\" height=\"3507\" loading=\"lazy\" class=\"wp-image-34947\" src=\"https:\/\/ipisresearch.be\/wp-content\/uploads\/2024\/04\/M23_map1_administrative_allgroupements.png\" alt=\"\" data-id=\"34947\" tabindex=\"0\" srcset=\"https:\/\/ipisresearch.be\/wp-content\/uploads\/2024\/04\/M23_map1_administrative_allgroupements.png 2480w, https:\/\/ipisresearch.be\/wp-content\/uploads\/2024\/04\/M23_map1_administrative_allgroupements-212x300.png 212w, https:\/\/ipisresearch.be\/wp-content\/uploads\/2024\/04\/M23_map1_administrative_allgroupements-724x1024.png 724w, https:\/\/ipisresearch.be\/wp-content\/uploads\/2024\/04\/M23_map1_administrative_allgroupements-768x1086.png 768w, https:\/\/ipisresearch.be\/wp-content\/uploads\/2024\/04\/M23_map1_administrative_allgroupements-1086x1536.png 1086w, https:\/\/ipisresearch.be\/wp-content\/uploads\/2024\/04\/M23_map1_administrative_allgroupements-1448x2048.png 1448w\" sizes=\"auto, (max-width: 2480px) 100vw, 2480px\" \/><\/a><div class=\"tb-image-slider__caption\"><figcaption>Groupements et Chefferies\/Secteurs dans les territoires de Masisi et Rutshuru.<\/figcaption><\/div><\/li><li class=\"glide__slide\"><a href=\"https:\/\/ipisresearch.be\/wp-content\/uploads\/2024\/04\/M23_map4_roads.png\" data-lightbox=\"d9d1da64-ebbd-468e-825a-cadfc4ebe9a3\"><img loading=\"lazy\" decoding=\"async\" width=\"2480\" height=\"3507\" loading=\"lazy\" class=\"wp-image-34950\" src=\"https:\/\/ipisresearch.be\/wp-content\/uploads\/2024\/04\/M23_map4_roads.png\" alt=\"\" data-id=\"34950\" tabindex=\"0\" srcset=\"https:\/\/ipisresearch.be\/wp-content\/uploads\/2024\/04\/M23_map4_roads.png 2480w, https:\/\/ipisresearch.be\/wp-content\/uploads\/2024\/04\/M23_map4_roads-212x300.png 212w, https:\/\/ipisresearch.be\/wp-content\/uploads\/2024\/04\/M23_map4_roads-724x1024.png 724w, https:\/\/ipisresearch.be\/wp-content\/uploads\/2024\/04\/M23_map4_roads-768x1086.png 768w, https:\/\/ipisresearch.be\/wp-content\/uploads\/2024\/04\/M23_map4_roads-1086x1536.png 1086w, https:\/\/ipisresearch.be\/wp-content\/uploads\/2024\/04\/M23_map4_roads-1448x2048.png 1448w\" sizes=\"auto, (max-width: 2480px) 100vw, 2480px\" \/><\/a><div class=\"tb-image-slider__caption\"><figcaption>Barri\u00e8res routi\u00e8res et taxes du M23 mention\u00e9es dans l&rsquo;\u00e9tude.<\/figcaption><\/div><\/li><\/ul><\/div><\/div><\/div>\n\n\n\n<div style=\"height:5px\" aria-hidden=\"true\" class=\"wp-block-spacer\"><\/div>\n\n\n\n<p class=\"has-text-align-center\"><em>Diff\u00e9rantes cartes de l&rsquo;\u00e9tude<\/em><\/p>\n<\/div>\n<\/div>\n\n\n\n<p><\/p>\n\n\n\n<p><strong>La probl\u00e9matique du droit foncier<\/strong><\/p>\n\n\n\n<p>La dualit\u00e9 de la loi fonci\u00e8re, qui reconna\u00eet \u00e0 la fois le droit \u00e9crit et la responsabilit\u00e9 du pouvoir coutumier dans la gestion des terres, cr\u00e9e une confusion et emp\u00eache de garantir les droits de propri\u00e9t\u00e9 des usagers. Cela alimente les tensions existantes li\u00e9es \u00e0 l\u2019acc\u00e8s aux terres et qui impliquent souvent des discriminations \u00e0 l\u2019encontre des communaut\u00e9s qualifi\u00e9es de \u00ab&nbsp;non-autochtones&nbsp;\u00bb. Infiltrer et maitriser le pouvoir au niveau local constitue donc un enjeu important, car les chefs locaux garantissent l\u2019acc\u00e8s \u00e0 la terre. Par cons\u00e9quent, beaucoup d\u2019intervenants per\u00e7oivent la guerre actuelle comme une&nbsp;<strong>tentative de s\u00e9curiser la maitrise des terres<\/strong>&nbsp;\u00e0 long terme, et en particulier la d\u00e9fense, par le M23, des terres acquises par la communaut\u00e9 \u00ab&nbsp;Tutsi&nbsp;\u00bb.<\/p>\n\n\n\n<div style=\"height:20px\" aria-hidden=\"true\" class=\"wp-block-spacer\"><\/div>\n\n\n\n<h3 class=\"wp-block-heading\" id=\"h-des-sources-de-financement-au-dela-des-ressources-minieres\"><strong>Des sources de financement au-del\u00e0 des ressources mini\u00e8res<\/strong><\/h3>\n\n\n\n<figure class=\"wp-block-image alignright size-large is-resized\"><a href=\"https:\/\/ipisresearch.be\/wp-content\/uploads\/2024\/04\/AxeMushaki3_.jpeg\"><img decoding=\"async\" width=\"1024\" height=\"967\" src=\"https:\/\/ipisresearch.be\/wp-content\/uploads\/2024\/04\/AxeMushaki3_-1024x967.jpeg\" alt=\"\" class=\"wp-image-34981\" style=\"width:210px;height:auto\" srcset=\"https:\/\/ipisresearch.be\/wp-content\/uploads\/2024\/04\/AxeMushaki3_-1024x967.jpeg 1024w, https:\/\/ipisresearch.be\/wp-content\/uploads\/2024\/04\/AxeMushaki3_-300x283.jpeg 300w, https:\/\/ipisresearch.be\/wp-content\/uploads\/2024\/04\/AxeMushaki3_-768x725.jpeg 768w, https:\/\/ipisresearch.be\/wp-content\/uploads\/2024\/04\/AxeMushaki3_-1536x1451.jpeg 1536w, https:\/\/ipisresearch.be\/wp-content\/uploads\/2024\/04\/AxeMushaki3_-2048x1934.jpeg 2048w\" sizes=\"(max-width: 1024px) 100vw, 1024px\" \/><\/a><figcaption class=\"wp-element-caption\">Quittance pour un camion sur l&rsquo;axe vers Mushaki.<\/figcaption><\/figure>\n\n\n\n<p>Afin de contrecarrer l\u2019id\u00e9e selon laquelle la r\u00e9surgence du M23 s\u2019expliquerait par une volont\u00e9 d\u2019acc\u00e9der aux ressources naturelles, l\u2019\u00e9tude explore les sources de financement du groupe arm\u00e9. Au-del\u00e0 du soutien externe de l\u2019arm\u00e9e rwandaise, le M23 d\u00e9ploie plusieurs strat\u00e9gies au niveau local :&nbsp;&nbsp;<\/p>\n\n\n\n<ul class=\"wp-block-list\">\n<li>La taxation ill\u00e9gale des m\u00e9nages.<\/li>\n\n\n\n<li>Les pr\u00e9l\u00e8vement sur le mouvement des biens et des personnes \u00e0 travers notamment, l\u2019\u00e9rection de barri\u00e8res routi\u00e8res.&nbsp;<\/li>\n\n\n\n<li>Le travail forc\u00e9 (par exemple, pour la r\u00e9colte des produits agricoles). &nbsp;<\/li>\n\n\n\n<li>Des revenus de l\u2019exploitation ill\u00e9gale des ressources naturelles (trafic de bois, et de charbon de bois).&nbsp;<\/li>\n<\/ul>\n\n\n\n<div style=\"height:20px\" aria-hidden=\"true\" class=\"wp-block-spacer\"><\/div>\n\n\n\n<h3 class=\"wp-block-heading\" id=\"h-des-consequences-securitaires-profondes-nbsp\"><strong>Des cons\u00e9quences s\u00e9curitaires profondes&nbsp;<\/strong><\/h3>\n\n\n\n<p>Cette crise a&nbsp;<strong>raviv\u00e9 une s\u00e9rie de groupes arm\u00e9s locaux<\/strong>&nbsp;au Nord-Kivu qui s\u2019opposent au M23. Il s\u2019agit de groupes tribalo-ethniques anciens et nouveaux qui pr\u00e9tendent lutter contre toute occupation \u00e9trang\u00e8re. Ces groupes arm\u00e9s se sont unifi\u00e9s sous l\u2019appellation de&nbsp;<strong>\u00ab&nbsp;Wazalendo&nbsp;\u00bb,<\/strong>&nbsp;signifiant \u2018patriotes\u2019, mais sont en r\u00e9alit\u00e9 un amalgame tr\u00e8s fragment\u00e9 de groupes Nyatura et Ma\u00ef-Ma\u00ef pr\u00e9existants. L\u2019offensive du M23 semble \u00eatre utilis\u00e9e comme&nbsp;un pr\u00e9texte pour intensifier leurs extorsions sur les civils et leur ing\u00e9rence dans l\u2019\u00e9conomie et la gouvernance locale. Au lieu d&rsquo;endiguer la r\u00e9surgence de ces groupes arm\u00e9s, le gouvernement de la RDC a plut\u00f4t l\u00e9gitim\u00e9 le ph\u00e9nom\u00e8ne des Wazalendo \u00e0 travers notamment une loi sur l\u2019institution d\u2019une \u00ab&nbsp;r\u00e9serve arm\u00e9e&nbsp;\u00bb.&nbsp;<\/p>\n\n\n\n<p>Cette \u00ab&nbsp;milicianisation de la gouvernance locale&nbsp;\u00bb risque&nbsp;<strong>d\u2019hypoth\u00e9quer les futurs efforts de d\u00e9sarmement<\/strong>et de pacification dans l\u2019est de la RDC, au-del\u00e0 de la crise actuelle.<\/p>\n\n\n\n<div style=\"height:10px\" aria-hidden=\"true\" class=\"wp-block-spacer\"><\/div>\n\n\n\n<div class=\"tb-image-slider\" data-toolset-blocks-image-slider=\"16b3d94c973af8108d01fbc767b57090\"><div class=\"tb-image-slider--carousel tb-image-slider--crop glide\" data-glide-number-slides=\"3\"><div class=\"glide__arrows\" data-glide-el=\"controls\"><button class=\"glide__arrow glide__arrow--left\" data-glide-dir=\"<\"><span class=\"tb-slider-left-arrow\"><\/span><\/button><button class=\"glide__arrow glide__arrow--right\" data-glide-dir=\"&gt;\"><span class=\"tb-slider-right-arrow\"><\/span><\/button><\/div><div class=\"glide__track\" data-glide-el=\"track\"><ul class=\"glide__slides\"><li class=\"glide__slide\"><a href=\"https:\/\/ipisresearch.be\/wp-content\/uploads\/2024\/04\/Camp-de-personnes-deplacees-a-Sake-Nord-Kivu.-\u00a9ASSODIP_-scaled.jpg\" data-lightbox=\"dd45c96d-a6f6-46b9-967c-a6e71d01fd53\"><img loading=\"lazy\" decoding=\"async\" width=\"2560\" height=\"1920\" loading=\"lazy\" class=\"wp-image-34930\" src=\"https:\/\/ipisresearch.be\/wp-content\/uploads\/2024\/04\/Camp-de-personnes-deplacees-a-Sake-Nord-Kivu.-\u00a9ASSODIP_-scaled.jpg\" alt=\"\" data-id=\"34930\" tabindex=\"0\" srcset=\"https:\/\/ipisresearch.be\/wp-content\/uploads\/2024\/04\/Camp-de-personnes-deplacees-a-Sake-Nord-Kivu.-\u00a9ASSODIP_-scaled.jpg 2560w, https:\/\/ipisresearch.be\/wp-content\/uploads\/2024\/04\/Camp-de-personnes-deplacees-a-Sake-Nord-Kivu.-\u00a9ASSODIP_-300x225.jpg 300w, https:\/\/ipisresearch.be\/wp-content\/uploads\/2024\/04\/Camp-de-personnes-deplacees-a-Sake-Nord-Kivu.-\u00a9ASSODIP_-1024x768.jpg 1024w, https:\/\/ipisresearch.be\/wp-content\/uploads\/2024\/04\/Camp-de-personnes-deplacees-a-Sake-Nord-Kivu.-\u00a9ASSODIP_-768x576.jpg 768w, https:\/\/ipisresearch.be\/wp-content\/uploads\/2024\/04\/Camp-de-personnes-deplacees-a-Sake-Nord-Kivu.-\u00a9ASSODIP_-1536x1152.jpg 1536w, https:\/\/ipisresearch.be\/wp-content\/uploads\/2024\/04\/Camp-de-personnes-deplacees-a-Sake-Nord-Kivu.-\u00a9ASSODIP_-2048x1536.jpg 2048w\" sizes=\"auto, (max-width: 2560px) 100vw, 2560px\" \/><\/a><div class=\"tb-image-slider__caption\"><figcaption>Camp de d\u00e9plac\u00e9s \u00e0 Sake.<\/figcaption><\/div><\/li><li class=\"glide__slide\"><a href=\"https:\/\/ipisresearch.be\/wp-content\/uploads\/2024\/04\/Arbres_Arbres-coupes-par-les-Wazalendo-a-Luhonga-pres-de-Sake.-\u00a9ASSODIP-scaled.jpg\" data-lightbox=\"dd45c96d-a6f6-46b9-967c-a6e71d01fd53\"><img loading=\"lazy\" decoding=\"async\" width=\"2560\" height=\"1920\" loading=\"lazy\" class=\"wp-image-34933\" src=\"https:\/\/ipisresearch.be\/wp-content\/uploads\/2024\/04\/Arbres_Arbres-coupes-par-les-Wazalendo-a-Luhonga-pres-de-Sake.-\u00a9ASSODIP-scaled.jpg\" alt=\"\" data-id=\"34933\" tabindex=\"0\" srcset=\"https:\/\/ipisresearch.be\/wp-content\/uploads\/2024\/04\/Arbres_Arbres-coupes-par-les-Wazalendo-a-Luhonga-pres-de-Sake.-\u00a9ASSODIP-scaled.jpg 2560w, https:\/\/ipisresearch.be\/wp-content\/uploads\/2024\/04\/Arbres_Arbres-coupes-par-les-Wazalendo-a-Luhonga-pres-de-Sake.-\u00a9ASSODIP-300x225.jpg 300w, https:\/\/ipisresearch.be\/wp-content\/uploads\/2024\/04\/Arbres_Arbres-coupes-par-les-Wazalendo-a-Luhonga-pres-de-Sake.-\u00a9ASSODIP-1024x768.jpg 1024w, https:\/\/ipisresearch.be\/wp-content\/uploads\/2024\/04\/Arbres_Arbres-coupes-par-les-Wazalendo-a-Luhonga-pres-de-Sake.-\u00a9ASSODIP-768x576.jpg 768w, https:\/\/ipisresearch.be\/wp-content\/uploads\/2024\/04\/Arbres_Arbres-coupes-par-les-Wazalendo-a-Luhonga-pres-de-Sake.-\u00a9ASSODIP-1536x1152.jpg 1536w, https:\/\/ipisresearch.be\/wp-content\/uploads\/2024\/04\/Arbres_Arbres-coupes-par-les-Wazalendo-a-Luhonga-pres-de-Sake.-\u00a9ASSODIP-2048x1536.jpg 2048w\" sizes=\"auto, (max-width: 2560px) 100vw, 2560px\" \/><\/a><div class=\"tb-image-slider__caption\"><figcaption>Arbres coup\u00e9s par les Wazalendo \u00e0 Luhonga.<\/figcaption><\/div><\/li><li class=\"glide__slide\"><a href=\"https:\/\/ipisresearch.be\/wp-content\/uploads\/2024\/04\/Camp-de-personnes-deplacees-a-Sake-Nord-Kivu.-\u00a9ASSODIP-scaled.jpg\" data-lightbox=\"dd45c96d-a6f6-46b9-967c-a6e71d01fd53\"><img loading=\"lazy\" decoding=\"async\" width=\"2560\" height=\"1920\" loading=\"lazy\" class=\"wp-image-34915\" src=\"https:\/\/ipisresearch.be\/wp-content\/uploads\/2024\/04\/Camp-de-personnes-deplacees-a-Sake-Nord-Kivu.-\u00a9ASSODIP-scaled.jpg\" alt=\"\" data-id=\"34915\" tabindex=\"0\" srcset=\"https:\/\/ipisresearch.be\/wp-content\/uploads\/2024\/04\/Camp-de-personnes-deplacees-a-Sake-Nord-Kivu.-\u00a9ASSODIP-scaled.jpg 2560w, https:\/\/ipisresearch.be\/wp-content\/uploads\/2024\/04\/Camp-de-personnes-deplacees-a-Sake-Nord-Kivu.-\u00a9ASSODIP-300x225.jpg 300w, https:\/\/ipisresearch.be\/wp-content\/uploads\/2024\/04\/Camp-de-personnes-deplacees-a-Sake-Nord-Kivu.-\u00a9ASSODIP-1024x768.jpg 1024w, https:\/\/ipisresearch.be\/wp-content\/uploads\/2024\/04\/Camp-de-personnes-deplacees-a-Sake-Nord-Kivu.-\u00a9ASSODIP-768x576.jpg 768w, https:\/\/ipisresearch.be\/wp-content\/uploads\/2024\/04\/Camp-de-personnes-deplacees-a-Sake-Nord-Kivu.-\u00a9ASSODIP-1536x1152.jpg 1536w, https:\/\/ipisresearch.be\/wp-content\/uploads\/2024\/04\/Camp-de-personnes-deplacees-a-Sake-Nord-Kivu.-\u00a9ASSODIP-2048x1536.jpg 2048w\" sizes=\"auto, (max-width: 2560px) 100vw, 2560px\" \/><\/a><\/li><li class=\"glide__slide\"><a href=\"https:\/\/ipisresearch.be\/wp-content\/uploads\/2024\/04\/Ishasha_Jeton-journalier-pour-les-motards-issu-par-les-FDLR-axe-Ishasha-2023.png\" data-lightbox=\"dd45c96d-a6f6-46b9-967c-a6e71d01fd53\"><img loading=\"lazy\" decoding=\"async\" width=\"695\" height=\"385\" loading=\"lazy\" class=\"wp-image-34936\" src=\"https:\/\/ipisresearch.be\/wp-content\/uploads\/2024\/04\/Ishasha_Jeton-journalier-pour-les-motards-issu-par-les-FDLR-axe-Ishasha-2023.png\" alt=\"\" data-id=\"34936\" tabindex=\"0\" srcset=\"https:\/\/ipisresearch.be\/wp-content\/uploads\/2024\/04\/Ishasha_Jeton-journalier-pour-les-motards-issu-par-les-FDLR-axe-Ishasha-2023.png 695w, https:\/\/ipisresearch.be\/wp-content\/uploads\/2024\/04\/Ishasha_Jeton-journalier-pour-les-motards-issu-par-les-FDLR-axe-Ishasha-2023-300x166.png 300w\" sizes=\"auto, (max-width: 695px) 100vw, 695px\" \/><\/a><div class=\"tb-image-slider__caption\"><figcaption>Jeton journalier pour les conducteurs de motos, d\u00e9livr\u00e9 par les FDLR, route d&rsquo;Ishasha, 2023.<\/figcaption><\/div><\/li><li class=\"glide__slide\"><a href=\"https:\/\/ipisresearch.be\/wp-content\/uploads\/2024\/04\/Le-M23-version-2_Enjeux-motivations-perceptions-et-impacts-locaux-scaled.jpg\" data-lightbox=\"dd45c96d-a6f6-46b9-967c-a6e71d01fd53\"><img loading=\"lazy\" decoding=\"async\" width=\"2560\" height=\"1920\" loading=\"lazy\" class=\"wp-image-34903\" src=\"https:\/\/ipisresearch.be\/wp-content\/uploads\/2024\/04\/Le-M23-version-2_Enjeux-motivations-perceptions-et-impacts-locaux-scaled.jpg\" alt=\"\" data-id=\"34903\" tabindex=\"0\" srcset=\"https:\/\/ipisresearch.be\/wp-content\/uploads\/2024\/04\/Le-M23-version-2_Enjeux-motivations-perceptions-et-impacts-locaux-scaled.jpg 2560w, https:\/\/ipisresearch.be\/wp-content\/uploads\/2024\/04\/Le-M23-version-2_Enjeux-motivations-perceptions-et-impacts-locaux-300x225.jpg 300w, https:\/\/ipisresearch.be\/wp-content\/uploads\/2024\/04\/Le-M23-version-2_Enjeux-motivations-perceptions-et-impacts-locaux-1024x768.jpg 1024w, https:\/\/ipisresearch.be\/wp-content\/uploads\/2024\/04\/Le-M23-version-2_Enjeux-motivations-perceptions-et-impacts-locaux-768x576.jpg 768w, https:\/\/ipisresearch.be\/wp-content\/uploads\/2024\/04\/Le-M23-version-2_Enjeux-motivations-perceptions-et-impacts-locaux-1536x1152.jpg 1536w, https:\/\/ipisresearch.be\/wp-content\/uploads\/2024\/04\/Le-M23-version-2_Enjeux-motivations-perceptions-et-impacts-locaux-2048x1536.jpg 2048w\" sizes=\"auto, (max-width: 2560px) 100vw, 2560px\" \/><\/a><\/li><\/ul><\/div><\/div><\/div>\n\n\n\n<div style=\"height:10px\" aria-hidden=\"true\" class=\"wp-block-spacer\"><\/div>\n\n\n\n<p class=\"has-text-align-right\">Images: \u00a9ASSODIP<\/p>\n\n\n\n<div style=\"height:100px\" aria-hidden=\"true\" class=\"wp-block-spacer\"><\/div>\n\n\n\n<div class=\"wp-block-columns is-layout-flex wp-container-core-columns-is-layout-28f84493 wp-block-columns-is-layout-flex\">\n<div class=\"wp-block-column is-vertically-aligned-center is-layout-flow wp-block-column-is-layout-flow\" style=\"flex-basis:33.33%\">\n<figure class=\"wp-block-image size-large is-resized\"><a href=\"https:\/\/ipisresearch.be\/wp-content\/uploads\/2022\/04\/CBD_logo_EN_RGB.png\"><img loading=\"lazy\" decoding=\"async\" width=\"1024\" height=\"236\" src=\"https:\/\/ipisresearch.be\/wp-content\/uploads\/2022\/04\/CBD_logo_EN_RGB-1024x236.png\" alt=\"\" class=\"wp-image-24670\" style=\"width:218px;height:auto\" srcset=\"https:\/\/ipisresearch.be\/wp-content\/uploads\/2022\/04\/CBD_logo_EN_RGB-1024x236.png 1024w, https:\/\/ipisresearch.be\/wp-content\/uploads\/2022\/04\/CBD_logo_EN_RGB-300x69.png 300w, https:\/\/ipisresearch.be\/wp-content\/uploads\/2022\/04\/CBD_logo_EN_RGB-768x177.png 768w, https:\/\/ipisresearch.be\/wp-content\/uploads\/2022\/04\/CBD_logo_EN_RGB.png 1376w\" sizes=\"(max-width: 1024px) 100vw, 1024px\" \/><\/a><\/figure>\n<\/div>\n\n\n\n<div class=\"wp-block-column is-layout-flow wp-block-column-is-layout-flow\" style=\"flex-basis:66.66%\">\n<p><em>Cette publication a \u00e9t\u00e9 r\u00e9alis\u00e9e avec le soutien financier de la Direction g\u00e9n\u00e9rale belge de la coop\u00e9ration au d\u00e9veloppement et de l&rsquo;aide humanitaire (DGD). Le contenu de ce document ne peut en aucun cas \u00eatre consid\u00e9r\u00e9 comme refl\u00e9tant la position de la Coop\u00e9ration belge au d\u00e9veloppement.<\/em><\/p>\n<\/div>\n<\/div>\n","protected":false},"excerpt":{"rendered":"<p>Depuis 2021, l&rsquo;est de la R\u00e9publique d\u00e9mocratique du Congo (RDC) est \u00e0 nouveau sous l&#8217;emprise du groupe arm\u00e9 du \u00ab\u00a0Mouvement du 23 mars\u00a0\u00bb (M23). D\u00e9fait en 2013, le M23 a repris les armes en 2021, et r\u00e9ussissait en 2022 \u00e0 s&#8217;emparer rapidement de vastes territoires au sud-est de la province du Nord-Kivu.<\/p>\n","protected":false},"author":35,"featured_media":34903,"menu_order":0,"template":"","meta":{"footnotes":""},"tags":[7443],"research-program":[7],"publication-category":[11],"country":[42],"publication-author":[7517,7518,25],"partner":[],"publication-researcher":[],"publication-gis":[],"maps-data":[],"publication-editor":[],"data-analysis":[],"surveyor":[],"field-research-coordinator":[],"narrative":[],"class_list":["post-34992","publication","type-publication","status-publish","has-post-thumbnail","hentry","tag-m23-fr","research-program-conflict-mapping","publication-category-rapport","country-democratic-republic-of-the-congo","publication-author-assodip","publication-author-diis","publication-author-ipis"],"yoast_head":"<!-- This site is optimized with the Yoast SEO Premium plugin v27.2 (Yoast SEO v27.5) - https:\/\/yoast.com\/product\/yoast-seo-premium-wordpress\/ -->\n<title>Le M23 \u00ab\u00a0version 2\u00a0\u00bb : Enjeux, motivations, perceptions et impacts locaux - IPIS<\/title>\n<meta name=\"robots\" content=\"index, follow, max-snippet:-1, max-image-preview:large, max-video-preview:-1\" \/>\n<link rel=\"canonical\" href=\"https:\/\/ipisresearch.be\/fr\/publication\/le-m23-version-2-enjeux-motivations-perceptions-et-impacts-locaux\/\" \/>\n<meta property=\"og:locale\" content=\"fr_FR\" \/>\n<meta property=\"og:type\" content=\"article\" \/>\n<meta property=\"og:title\" content=\"Le M23 \u00ab\u00a0version 2\u00a0\u00bb : Enjeux, motivations, perceptions et impacts locaux\" \/>\n<meta property=\"og:description\" content=\"Depuis 2021, l&#039;est de la R\u00e9publique d\u00e9mocratique du Congo (RDC) est \u00e0 nouveau sous l&#039;emprise du groupe arm\u00e9 du \u00ab\u00a0Mouvement du 23 mars\u00a0\u00bb (M23). D\u00e9fait en 2013, le M23 a repris les armes en 2021, et r\u00e9ussissait en 2022 \u00e0 s&#039;emparer rapidement de vastes territoires au sud-est de la province du Nord-Kivu.\" \/>\n<meta property=\"og:url\" content=\"https:\/\/ipisresearch.be\/fr\/publication\/le-m23-version-2-enjeux-motivations-perceptions-et-impacts-locaux\/\" \/>\n<meta property=\"og:site_name\" content=\"IPIS\" \/>\n<meta property=\"article:publisher\" content=\"https:\/\/www.facebook.com\/IPISResearch\" \/>\n<meta property=\"article:modified_time\" content=\"2024-06-14T13:19:03+00:00\" \/>\n<meta property=\"og:image\" content=\"https:\/\/ipisresearch.be\/wp-content\/uploads\/2024\/04\/Le-M23-version-2_Enjeux-motivations-perceptions-et-impacts-locaux-scaled.jpg\" \/>\n\t<meta property=\"og:image:width\" content=\"2560\" \/>\n\t<meta property=\"og:image:height\" content=\"1920\" \/>\n\t<meta property=\"og:image:type\" content=\"image\/jpeg\" \/>\n<meta name=\"twitter:card\" content=\"summary_large_image\" \/>\n<meta name=\"twitter:site\" content=\"@IPISResearch\" \/>\n<meta name=\"twitter:label1\" content=\"Dur\u00e9e de lecture estim\u00e9e\" \/>\n\t<meta name=\"twitter:data1\" content=\"6 minutes\" \/>\n<script type=\"application\/ld+json\" class=\"yoast-schema-graph\">{\"@context\":\"https:\\\/\\\/schema.org\",\"@graph\":[{\"@type\":\"WebPage\",\"@id\":\"https:\\\/\\\/ipisresearch.be\\\/fr\\\/publication\\\/le-m23-version-2-enjeux-motivations-perceptions-et-impacts-locaux\\\/\",\"url\":\"https:\\\/\\\/ipisresearch.be\\\/fr\\\/publication\\\/le-m23-version-2-enjeux-motivations-perceptions-et-impacts-locaux\\\/\",\"name\":\"Le M23 \u00ab\u00a0version 2\u00a0\u00bb : Enjeux, motivations, perceptions et impacts locaux - IPIS\",\"isPartOf\":{\"@id\":\"https:\\\/\\\/ipisresearch.be\\\/#website\"},\"primaryImageOfPage\":{\"@id\":\"https:\\\/\\\/ipisresearch.be\\\/fr\\\/publication\\\/le-m23-version-2-enjeux-motivations-perceptions-et-impacts-locaux\\\/#primaryimage\"},\"image\":{\"@id\":\"https:\\\/\\\/ipisresearch.be\\\/fr\\\/publication\\\/le-m23-version-2-enjeux-motivations-perceptions-et-impacts-locaux\\\/#primaryimage\"},\"thumbnailUrl\":\"https:\\\/\\\/ipisresearch.be\\\/wp-content\\\/uploads\\\/2024\\\/04\\\/Le-M23-version-2_Enjeux-motivations-perceptions-et-impacts-locaux-scaled.jpg\",\"datePublished\":\"2024-04-04T08:41:48+00:00\",\"dateModified\":\"2024-06-14T13:19:03+00:00\",\"breadcrumb\":{\"@id\":\"https:\\\/\\\/ipisresearch.be\\\/fr\\\/publication\\\/le-m23-version-2-enjeux-motivations-perceptions-et-impacts-locaux\\\/#breadcrumb\"},\"inLanguage\":\"fr-FR\",\"potentialAction\":[{\"@type\":\"ReadAction\",\"target\":[\"https:\\\/\\\/ipisresearch.be\\\/fr\\\/publication\\\/le-m23-version-2-enjeux-motivations-perceptions-et-impacts-locaux\\\/\"]}]},{\"@type\":\"ImageObject\",\"inLanguage\":\"fr-FR\",\"@id\":\"https:\\\/\\\/ipisresearch.be\\\/fr\\\/publication\\\/le-m23-version-2-enjeux-motivations-perceptions-et-impacts-locaux\\\/#primaryimage\",\"url\":\"https:\\\/\\\/ipisresearch.be\\\/wp-content\\\/uploads\\\/2024\\\/04\\\/Le-M23-version-2_Enjeux-motivations-perceptions-et-impacts-locaux-scaled.jpg\",\"contentUrl\":\"https:\\\/\\\/ipisresearch.be\\\/wp-content\\\/uploads\\\/2024\\\/04\\\/Le-M23-version-2_Enjeux-motivations-perceptions-et-impacts-locaux-scaled.jpg\",\"width\":2560,\"height\":1920},{\"@type\":\"BreadcrumbList\",\"@id\":\"https:\\\/\\\/ipisresearch.be\\\/fr\\\/publication\\\/le-m23-version-2-enjeux-motivations-perceptions-et-impacts-locaux\\\/#breadcrumb\",\"itemListElement\":[{\"@type\":\"ListItem\",\"position\":1,\"name\":\"Home\",\"item\":\"https:\\\/\\\/ipisresearch.be\\\/fr\\\/\"},{\"@type\":\"ListItem\",\"position\":2,\"name\":\"Publications\",\"item\":\"https:\\\/\\\/ipisresearch.be\\\/publication\\\/\"},{\"@type\":\"ListItem\",\"position\":3,\"name\":\"Report\",\"item\":\"https:\\\/\\\/ipisresearch.be\\\/publication-category\\\/rapport\\\/\"},{\"@type\":\"ListItem\",\"position\":4,\"name\":\"Le M23 \u00ab\u00a0version 2\u00a0\u00bb : Enjeux, motivations, perceptions et impacts locaux\"}]},{\"@type\":\"WebSite\",\"@id\":\"https:\\\/\\\/ipisresearch.be\\\/#website\",\"url\":\"https:\\\/\\\/ipisresearch.be\\\/\",\"name\":\"IPIS\",\"description\":\"INTERNATIONAL PEACE INFORMATION SERVICE\",\"publisher\":{\"@id\":\"https:\\\/\\\/ipisresearch.be\\\/#organization\"},\"potentialAction\":[{\"@type\":\"SearchAction\",\"target\":{\"@type\":\"EntryPoint\",\"urlTemplate\":\"https:\\\/\\\/ipisresearch.be\\\/?s={search_term_string}\"},\"query-input\":{\"@type\":\"PropertyValueSpecification\",\"valueRequired\":true,\"valueName\":\"search_term_string\"}}],\"inLanguage\":\"fr-FR\"},{\"@type\":\"Organization\",\"@id\":\"https:\\\/\\\/ipisresearch.be\\\/#organization\",\"name\":\"IPIS\",\"url\":\"https:\\\/\\\/ipisresearch.be\\\/\",\"logo\":{\"@type\":\"ImageObject\",\"inLanguage\":\"fr-FR\",\"@id\":\"https:\\\/\\\/ipisresearch.be\\\/#\\\/schema\\\/logo\\\/image\\\/\",\"url\":\"https:\\\/\\\/ipisresearch.be\\\/wp-content\\\/uploads\\\/2020\\\/03\\\/logo-IPIS.png\",\"contentUrl\":\"https:\\\/\\\/ipisresearch.be\\\/wp-content\\\/uploads\\\/2020\\\/03\\\/logo-IPIS.png\",\"width\":46,\"height\":68,\"caption\":\"IPIS\"},\"image\":{\"@id\":\"https:\\\/\\\/ipisresearch.be\\\/#\\\/schema\\\/logo\\\/image\\\/\"},\"sameAs\":[\"https:\\\/\\\/www.facebook.com\\\/IPISResearch\",\"https:\\\/\\\/x.com\\\/IPISResearch\",\"https:\\\/\\\/be.linkedin.com\\\/company\\\/international-peace-information-service-ipis-\"]}]}<\/script>\n<!-- \/ Yoast SEO Premium plugin. -->","yoast_head_json":{"title":"Le M23 \u00ab\u00a0version 2\u00a0\u00bb : Enjeux, motivations, perceptions et impacts locaux - IPIS","robots":{"index":"index","follow":"follow","max-snippet":"max-snippet:-1","max-image-preview":"max-image-preview:large","max-video-preview":"max-video-preview:-1"},"canonical":"https:\/\/ipisresearch.be\/fr\/publication\/le-m23-version-2-enjeux-motivations-perceptions-et-impacts-locaux\/","og_locale":"fr_FR","og_type":"article","og_title":"Le M23 \u00ab\u00a0version 2\u00a0\u00bb : Enjeux, motivations, perceptions et impacts locaux","og_description":"Depuis 2021, l'est de la R\u00e9publique d\u00e9mocratique du Congo (RDC) est \u00e0 nouveau sous l'emprise du groupe arm\u00e9 du \u00ab\u00a0Mouvement du 23 mars\u00a0\u00bb (M23). D\u00e9fait en 2013, le M23 a repris les armes en 2021, et r\u00e9ussissait en 2022 \u00e0 s'emparer rapidement de vastes territoires au sud-est de la province du Nord-Kivu.","og_url":"https:\/\/ipisresearch.be\/fr\/publication\/le-m23-version-2-enjeux-motivations-perceptions-et-impacts-locaux\/","og_site_name":"IPIS","article_publisher":"https:\/\/www.facebook.com\/IPISResearch","article_modified_time":"2024-06-14T13:19:03+00:00","og_image":[{"width":2560,"height":1920,"url":"https:\/\/ipisresearch.be\/wp-content\/uploads\/2024\/04\/Le-M23-version-2_Enjeux-motivations-perceptions-et-impacts-locaux-scaled.jpg","type":"image\/jpeg"}],"twitter_card":"summary_large_image","twitter_site":"@IPISResearch","twitter_misc":{"Dur\u00e9e de lecture estim\u00e9e":"6 minutes"},"schema":{"@context":"https:\/\/schema.org","@graph":[{"@type":"WebPage","@id":"https:\/\/ipisresearch.be\/fr\/publication\/le-m23-version-2-enjeux-motivations-perceptions-et-impacts-locaux\/","url":"https:\/\/ipisresearch.be\/fr\/publication\/le-m23-version-2-enjeux-motivations-perceptions-et-impacts-locaux\/","name":"Le M23 \u00ab\u00a0version 2\u00a0\u00bb : Enjeux, motivations, perceptions et impacts locaux - IPIS","isPartOf":{"@id":"https:\/\/ipisresearch.be\/#website"},"primaryImageOfPage":{"@id":"https:\/\/ipisresearch.be\/fr\/publication\/le-m23-version-2-enjeux-motivations-perceptions-et-impacts-locaux\/#primaryimage"},"image":{"@id":"https:\/\/ipisresearch.be\/fr\/publication\/le-m23-version-2-enjeux-motivations-perceptions-et-impacts-locaux\/#primaryimage"},"thumbnailUrl":"https:\/\/ipisresearch.be\/wp-content\/uploads\/2024\/04\/Le-M23-version-2_Enjeux-motivations-perceptions-et-impacts-locaux-scaled.jpg","datePublished":"2024-04-04T08:41:48+00:00","dateModified":"2024-06-14T13:19:03+00:00","breadcrumb":{"@id":"https:\/\/ipisresearch.be\/fr\/publication\/le-m23-version-2-enjeux-motivations-perceptions-et-impacts-locaux\/#breadcrumb"},"inLanguage":"fr-FR","potentialAction":[{"@type":"ReadAction","target":["https:\/\/ipisresearch.be\/fr\/publication\/le-m23-version-2-enjeux-motivations-perceptions-et-impacts-locaux\/"]}]},{"@type":"ImageObject","inLanguage":"fr-FR","@id":"https:\/\/ipisresearch.be\/fr\/publication\/le-m23-version-2-enjeux-motivations-perceptions-et-impacts-locaux\/#primaryimage","url":"https:\/\/ipisresearch.be\/wp-content\/uploads\/2024\/04\/Le-M23-version-2_Enjeux-motivations-perceptions-et-impacts-locaux-scaled.jpg","contentUrl":"https:\/\/ipisresearch.be\/wp-content\/uploads\/2024\/04\/Le-M23-version-2_Enjeux-motivations-perceptions-et-impacts-locaux-scaled.jpg","width":2560,"height":1920},{"@type":"BreadcrumbList","@id":"https:\/\/ipisresearch.be\/fr\/publication\/le-m23-version-2-enjeux-motivations-perceptions-et-impacts-locaux\/#breadcrumb","itemListElement":[{"@type":"ListItem","position":1,"name":"Home","item":"https:\/\/ipisresearch.be\/fr\/"},{"@type":"ListItem","position":2,"name":"Publications","item":"https:\/\/ipisresearch.be\/publication\/"},{"@type":"ListItem","position":3,"name":"Report","item":"https:\/\/ipisresearch.be\/publication-category\/rapport\/"},{"@type":"ListItem","position":4,"name":"Le M23 \u00ab\u00a0version 2\u00a0\u00bb : Enjeux, motivations, perceptions et impacts locaux"}]},{"@type":"WebSite","@id":"https:\/\/ipisresearch.be\/#website","url":"https:\/\/ipisresearch.be\/","name":"IPIS","description":"INTERNATIONAL PEACE INFORMATION SERVICE","publisher":{"@id":"https:\/\/ipisresearch.be\/#organization"},"potentialAction":[{"@type":"SearchAction","target":{"@type":"EntryPoint","urlTemplate":"https:\/\/ipisresearch.be\/?s={search_term_string}"},"query-input":{"@type":"PropertyValueSpecification","valueRequired":true,"valueName":"search_term_string"}}],"inLanguage":"fr-FR"},{"@type":"Organization","@id":"https:\/\/ipisresearch.be\/#organization","name":"IPIS","url":"https:\/\/ipisresearch.be\/","logo":{"@type":"ImageObject","inLanguage":"fr-FR","@id":"https:\/\/ipisresearch.be\/#\/schema\/logo\/image\/","url":"https:\/\/ipisresearch.be\/wp-content\/uploads\/2020\/03\/logo-IPIS.png","contentUrl":"https:\/\/ipisresearch.be\/wp-content\/uploads\/2020\/03\/logo-IPIS.png","width":46,"height":68,"caption":"IPIS"},"image":{"@id":"https:\/\/ipisresearch.be\/#\/schema\/logo\/image\/"},"sameAs":["https:\/\/www.facebook.com\/IPISResearch","https:\/\/x.com\/IPISResearch","https:\/\/be.linkedin.com\/company\/international-peace-information-service-ipis-"]}]}},"_links":{"self":[{"href":"https:\/\/ipisresearch.be\/fr\/wp-json\/wp\/v2\/publication\/34992","targetHints":{"allow":["GET"]}}],"collection":[{"href":"https:\/\/ipisresearch.be\/fr\/wp-json\/wp\/v2\/publication"}],"about":[{"href":"https:\/\/ipisresearch.be\/fr\/wp-json\/wp\/v2\/types\/publication"}],"author":[{"embeddable":true,"href":"https:\/\/ipisresearch.be\/fr\/wp-json\/wp\/v2\/users\/35"}],"version-history":[{"count":15,"href":"https:\/\/ipisresearch.be\/fr\/wp-json\/wp\/v2\/publication\/34992\/revisions"}],"predecessor-version":[{"id":36090,"href":"https:\/\/ipisresearch.be\/fr\/wp-json\/wp\/v2\/publication\/34992\/revisions\/36090"}],"wp:featuredmedia":[{"embeddable":true,"href":"https:\/\/ipisresearch.be\/fr\/wp-json\/wp\/v2\/media\/34903"}],"wp:attachment":[{"href":"https:\/\/ipisresearch.be\/fr\/wp-json\/wp\/v2\/media?parent=34992"}],"wp:term":[{"taxonomy":"post_tag","embeddable":true,"href":"https:\/\/ipisresearch.be\/fr\/wp-json\/wp\/v2\/tags?post=34992"},{"taxonomy":"research-program","embeddable":true,"href":"https:\/\/ipisresearch.be\/fr\/wp-json\/wp\/v2\/research-program?post=34992"},{"taxonomy":"publication-category","embeddable":true,"href":"https:\/\/ipisresearch.be\/fr\/wp-json\/wp\/v2\/publication-category?post=34992"},{"taxonomy":"country","embeddable":true,"href":"https:\/\/ipisresearch.be\/fr\/wp-json\/wp\/v2\/country?post=34992"},{"taxonomy":"publication-author","embeddable":true,"href":"https:\/\/ipisresearch.be\/fr\/wp-json\/wp\/v2\/publication-author?post=34992"},{"taxonomy":"partner","embeddable":true,"href":"https:\/\/ipisresearch.be\/fr\/wp-json\/wp\/v2\/partner?post=34992"},{"taxonomy":"publication-researcher","embeddable":true,"href":"https:\/\/ipisresearch.be\/fr\/wp-json\/wp\/v2\/publication-researcher?post=34992"},{"taxonomy":"publication-gis","embeddable":true,"href":"https:\/\/ipisresearch.be\/fr\/wp-json\/wp\/v2\/publication-gis?post=34992"},{"taxonomy":"maps-data","embeddable":true,"href":"https:\/\/ipisresearch.be\/fr\/wp-json\/wp\/v2\/maps-data?post=34992"},{"taxonomy":"publication-editor","embeddable":true,"href":"https:\/\/ipisresearch.be\/fr\/wp-json\/wp\/v2\/publication-editor?post=34992"},{"taxonomy":"data-analysis","embeddable":true,"href":"https:\/\/ipisresearch.be\/fr\/wp-json\/wp\/v2\/data-analysis?post=34992"},{"taxonomy":"surveyor","embeddable":true,"href":"https:\/\/ipisresearch.be\/fr\/wp-json\/wp\/v2\/surveyor?post=34992"},{"taxonomy":"field-research-coordinator","embeddable":true,"href":"https:\/\/ipisresearch.be\/fr\/wp-json\/wp\/v2\/field-research-coordinator?post=34992"},{"taxonomy":"narrative","embeddable":true,"href":"https:\/\/ipisresearch.be\/fr\/wp-json\/wp\/v2\/narrative?post=34992"}],"curies":[{"name":"wp","href":"https:\/\/api.w.org\/{rel}","templated":true}]}}